{"id":6493,"date":"2014-01-25T16:24:05","date_gmt":"2014-01-25T15:24:05","guid":{"rendered":"http:\/\/orthodontiste-rabat.com\/?post_type=service&#038;p=6493"},"modified":"2022-03-15T14:54:25","modified_gmt":"2022-03-15T13:54:25","slug":"facettes-dentaires-rabat-agdal-maroc","status":"publish","type":"service","link":"https:\/\/orthodontiste-rabat.com\/ar\/service\/facettes-dentaires-rabat-agdal-maroc\/","title":{"rendered":"Facettes dentaires"},"content":{"rendered":"<p>[et_pb_section fb_built=&#8221;1&#8243; _builder_version=&#8221;4.14.9&#8243; _module_preset=&#8221;default&#8221; use_background_color_gradient=&#8221;on&#8221; background_color_gradient_start=&#8221;rgba(2,131,189,0.48)&#8221; background_color_gradient_end=&#8221;rgba(0,0,0,0.04)&#8221; background_color_gradient_direction=&#8221;62deg&#8221; background_color_gradient_overlays_image=&#8221;on&#8221; background_image=&#8221;https:\/\/orthodontiste-rabat.com\/wp-content\/uploads\/2014\/11\/extraction-centre-centre-dentaire-agdal-rabat.jpeg&#8221; height=&#8221;400px&#8221; hover_enabled=&#8221;0&#8243; custom_css_main_element=&#8221;display:flex;||&#8221; global_colors_info=&#8221;{}&#8221; theme_builder_area=&#8221;et_body_layout&#8221; alt=&#8221;extraction-dent-sagesse-centre-dentaire-agdal-rabat | Chirurgien Dentiste Orthodontiste &#8211; Centre Dentaire Rabat Agdal &#8211; Dr Adil Guelzim&#8221; title_text=&#8221;extraction-centre-centre-dentaire-agdal-rabat&#8221; sticky_enabled=&#8221;0&#8243;][et_pb_row _builder_version=&#8221;4.14.9&#8243; _module_preset=&#8221;default&#8221; global_colors_info=&#8221;{}&#8221; theme_builder_area=&#8221;et_body_layout&#8221;][et_pb_column type=&#8221;4_4&#8243; _builder_version=&#8221;4.14.9&#8243; _module_preset=&#8221;default&#8221; global_colors_info=&#8221;{}&#8221; theme_builder_area=&#8221;et_body_layout&#8221;][et_pb_text _builder_version=&#8221;4.14.9&#8243; _module_preset=&#8221;default&#8221; text_font=&#8221;|||on|||||&#8221; text_text_color=&#8221;#FFFFFF&#8221; text_font_size=&#8221;19px&#8221; header_font=&#8221;|||on|||||&#8221; header_text_align=&#8221;left&#8221; header_text_color=&#8221;#FFFFFF&#8221; header_font_size=&#8221;52px&#8221; header_2_font=&#8221;|300|||||||&#8221; header_2_text_color=&#8221;#FFFFFF&#8221; max_width=&#8221;700px&#8221; module_alignment=&#8221;left&#8221; hover_enabled=&#8221;0&#8243; header_font_size_tablet=&#8221;46px&#8221; header_font_size_phone=&#8221;42px&#8221; header_font_size_last_edited=&#8221;on|tablet&#8221; locked=&#8221;off&#8221; global_colors_info=&#8221;{}&#8221; theme_builder_area=&#8221;et_body_layout&#8221; sticky_enabled=&#8221;0&#8243;]<\/p>\n<h1>Facettes dentaires<\/h1>\n<h2>Pose de facettes dentaires en c\u00e9ramique<\/h2>\n<p>[\/et_pb_text][\/et_pb_column][\/et_pb_row][\/et_pb_section][et_pb_section fb_built=&#8221;1&#8243; _builder_version=&#8221;4.14.9&#8243; _module_preset=&#8221;default&#8221; background_color=&#8221;#0283bd&#8221; custom_padding=&#8221;0px||0px||false|false&#8221; global_module=&#8221;7244&#8243; global_colors_info=&#8221;{}&#8221; theme_builder_area=&#8221;et_body_layout&#8221;][et_pb_row _builder_version=&#8221;4.14.9&#8243; _module_preset=&#8221;default&#8221; custom_padding=&#8221;10px||15px||false|false&#8221; global_colors_info=&#8221;{}&#8221; theme_builder_area=&#8221;et_body_layout&#8221;][et_pb_column type=&#8221;4_4&#8243; _builder_version=&#8221;4.14.9&#8243; _module_preset=&#8221;default&#8221; global_colors_info=&#8221;{}&#8221; theme_builder_area=&#8221;et_body_layout&#8221;][et_pb_dmb_breadcrumbs _builder_version=&#8221;4.14.9&#8243; _module_preset=&#8221;default&#8221; body_text_color=&#8221;#FFFFFF&#8221; body_font_size=&#8221;17px&#8221; link_text_color=&#8221;#FFFFFF&#8221; global_colors_info=&#8221;{}&#8221; theme_builder_area=&#8221;et_body_layout&#8221;][\/et_pb_dmb_breadcrumbs][\/et_pb_column][\/et_pb_row][\/et_pb_section][et_pb_section fb_built=&#8221;1&#8243; admin_label=&#8221;section&#8221; _builder_version=&#8221;3.22&#8243; global_colors_info=&#8221;{}&#8221; theme_builder_area=&#8221;et_body_layout&#8221;][et_pb_row admin_label=&#8221;row&#8221; _builder_version=&#8221;3.25&#8243; background_size=&#8221;initial&#8221; background_position=&#8221;top_left&#8221; background_repeat=&#8221;repeat&#8221; global_colors_info=&#8221;{}&#8221; theme_builder_area=&#8221;et_body_layout&#8221;][et_pb_column type=&#8221;4_4&#8243; _builder_version=&#8221;3.25&#8243; custom_padding=&#8221;|||&#8221; global_colors_info=&#8221;{}&#8221; custom_padding__hover=&#8221;|||&#8221; theme_builder_area=&#8221;et_body_layout&#8221;][et_pb_video src=&#8221;http:\/\/www.youtube.com\/watch?v=dn0P0kcOg1g&#8221; _builder_version=&#8221;4.14.9&#8243; _module_preset=&#8221;default&#8221; hover_enabled=&#8221;0&#8243; global_colors_info=&#8221;{}&#8221; theme_builder_area=&#8221;et_body_layout&#8221; sticky_enabled=&#8221;0&#8243;][\/et_pb_video][et_pb_text admin_label=&#8221;Text&#8221; _builder_version=&#8221;3.27.4&#8243; background_size=&#8221;initial&#8221; background_position=&#8221;top_left&#8221; background_repeat=&#8221;repeat&#8221; global_colors_info=&#8221;{}&#8221; theme_builder_area=&#8221;post_content&#8221;]Les facettes dentaires sont de minces coquilles qui couvrent le devant des dents. Elles corrigent le contour, la teinte\u00a0 et la dimension des dents de devant pour am\u00e9liorer l&#8217;apparence de votre sourire.<\/p>\n<h3>Traitements<\/h3>\n<p>Deux\u00a0traitements sont possibles pour la pose de facettes dentaires :<\/p>\n<ol>\n<li>La <b>facette en composite<\/b> est l&#8217;option la moins ch\u00e8re. Une seule visite suffit et vous avez un grand choix de teintes afin de marier la couleur des dents adjacentes. Malheureusement, les facettes en composite sont moins durables que celles en porcelaine et r\u00e9sistent moins bien aux taches dues au tabac et aux aliments comme le caf\u00e9.<\/li>\n<li>La <b>facette en porcelaine fabriqu\u00e9e en laboratoire<\/b> offre durabilit\u00e9 et un grand choix de teintes. Deux visites sont requises. \u00c0 la premi\u00e8re, une empreinte est prise et une facette temporaire est pos\u00e9e. Quelques semaines plus tard, il vous faut revenir pour faire poser la facette permanente.<\/li>\n<\/ol>\n<h3>Points \u00e0 consid\u00e9rer<\/h3>\n<p>Pour poser une facette dentaire, Il faut enlever environ un demi-millim\u00e8tre de l\u2019\u00e9mail des dents sous anesth\u00e9sie locale. C\u2019est donc un traitement irr\u00e9versible, contrairement \u00e0 la pose de faux ongles. Si les facettes sont requises pour des raisons esth\u00e9tiques, il faut \u00e9valuer les autres options comme l\u2019orthodontie et le blanchiment des dents.[\/et_pb_text][\/et_pb_column][\/et_pb_row][\/et_pb_section]<\/p>\n","protected":false},"excerpt":{"rendered":"<p>Facettes dentaires Pose de facettes dentaires en c\u00e9ramique[et_pb_dmb_breadcrumbs _builder_version=&#8221;4.14.9&#8243; _module_preset=&#8221;default&#8221; body_text_color=&#8221;#FFFFFF&#8221; body_font_size=&#8221;17px&#8221; link_text_color=&#8221;#FFFFFF&#8221; global_colors_info=&#8221;{}&#8221; theme_builder_area=&#8221;et_body_layout&#8221;][\/et_pb_dmb_breadcrumbs]Les facettes dentaires sont de minces coquilles qui couvrent le devant des dents. Elles corrigent le contour, la teinte\u00a0 et la dimension des dents de devant pour am\u00e9liorer l&#8217;apparence de votre sourire. Traitements Deux\u00a0traitements sont possibles pour la pose de facettes [&hellip;]<\/p>\n","protected":false},"featured_media":6496,"template":"","meta":{"_et_pb_use_builder":"on","_et_pb_old_content":"Les facettes dentaires sont de minces coquilles qui couvrent le devant des dents. Elles corrigent le contour, la teinte\u00a0 et la dimension des dents de devant pour am\u00e9liorer l'apparence de votre sourire.\r\n<h3>Traitements<\/h3>\r\nDeux\u00a0traitements sont possibles pour la pose de facettes dentaires :\r\n<ol>\r\n \t<li>La <b>facette en composite<\/b> est l'option la moins ch\u00e8re. Une seule visite suffit et vous avez un grand choix de teintes afin de marier la couleur des dents adjacentes. Malheureusement, les facettes en composite sont moins durables que celles en porcelaine et r\u00e9sistent moins bien aux taches dues au tabac et aux aliments comme le caf\u00e9.<\/li>\r\n \t<li>La <b>facette en porcelaine fabriqu\u00e9e en laboratoire<\/b> offre durabilit\u00e9 et un grand choix de teintes. Deux visites sont requises. \u00c0 la premi\u00e8re, une empreinte est prise et une facette temporaire est pos\u00e9e. Quelques semaines plus tard, il vous faut revenir pour faire poser la facette permanente.<\/li>\r\n<\/ol>\r\n<h3>Points \u00e0 consid\u00e9rer<\/h3>\r\nPour poser une facette dentaire, Il faut enlever environ un demi-millim\u00e8tre de l\u2019\u00e9mail des dents sous anesth\u00e9sie locale. C\u2019est donc un traitement irr\u00e9versible, contrairement \u00e0 la pose de faux ongles. Si les facettes sont requises pour des raisons esth\u00e9tiques, il faut \u00e9valuer les autres options comme l\u2019orthodontie et le blanchiment des dents.","_et_gb_content_width":""},"s_sort_categs":[],"s_tags":[],"s_categs":[104],"yoast_head":"<!-- This site is optimized with the Yoast SEO plugin v23.5 - https:\/\/yoast.com\/wordpress\/plugins\/seo\/ -->\n<title>Facettes dentaires ceramique esth\u00e9tique \u00e0 Rabat Agdal - Dr Adil Guelzim<\/title>\n<meta name=\"description\" content=\"Centre dentaire Rabat Agdal - Facettes dentaires c\u00e9ramiques - Les meilleurs soins dentaires, traitement d&#039;orthodontie, Facettes dentaires lumineers.implantologie et esth\u00e9tique dentaire.\" \/>\n<meta name=\"robots\" content=\"index, follow, max-snippet:-1, max-image-preview:large, max-video-preview:-1\" \/>\n<link rel=\"canonical\" href=\"https:\/\/orthodontiste-rabat.com\/ar\/service\/facettes-dentaires-rabat-agdal-maroc\/\" \/>\n<meta property=\"og:locale\" content=\"ar_AR\" \/>\n<meta property=\"og:type\" content=\"article\" \/>\n<meta property=\"og:title\" content=\"Facettes dentaires ceramique esth\u00e9tique \u00e0 Rabat Agdal - Dr Adil Guelzim\" \/>\n<meta property=\"og:description\" content=\"Centre dentaire Rabat Agdal - Facettes dentaires c\u00e9ramiques - Les meilleurs soins dentaires, traitement d&#039;orthodontie, Facettes dentaires lumineers.implantologie et esth\u00e9tique dentaire.\" \/>\n<meta property=\"og:url\" content=\"https:\/\/orthodontiste-rabat.com\/ar\/service\/facettes-dentaires-rabat-agdal-maroc\/\" \/>\n<meta property=\"og:site_name\" content=\"Chirurgien Dentiste Orthodontiste - Centre Dentaire Rabat Agdal - Dr Adil Guelzim\" \/>\n<meta property=\"article:publisher\" content=\"https:\/\/fr-fr.facebook.com\/CentreDentaireRabatAgdal\/\" \/>\n<meta property=\"article:modified_time\" content=\"2022-03-15T13:54:25+00:00\" \/>\n<meta property=\"og:image\" content=\"https:\/\/orthodontiste-rabat.com\/wp-content\/uploads\/2014\/11\/facettes-dentaires-rabat-2.jpg\" \/>\n\t<meta property=\"og:image:width\" content=\"253\" \/>\n\t<meta property=\"og:image:height\" content=\"227\" \/>\n\t<meta property=\"og:image:type\" content=\"image\/jpeg\" \/>\n<meta name=\"twitter:card\" content=\"summary_large_image\" \/>\n<meta name=\"twitter:label1\" content=\"Est. reading time\" \/>\n\t<meta name=\"twitter:data1\" content=\"3 minutes\" \/>\n<script type=\"application\/ld+json\" class=\"yoast-schema-graph\">{\"@context\":\"https:\/\/schema.org\",\"@graph\":[{\"@type\":\"WebPage\",\"@id\":\"https:\/\/orthodontiste-rabat.com\/ar\/service\/facettes-dentaires-rabat-agdal-maroc\/\",\"url\":\"https:\/\/orthodontiste-rabat.com\/ar\/service\/facettes-dentaires-rabat-agdal-maroc\/\",\"name\":\"Facettes dentaires ceramique esth\u00e9tique \u00e0 Rabat Agdal - Dr Adil Guelzim\",\"isPartOf\":{\"@id\":\"https:\/\/orthodontiste-rabat.com\/ar\/#website\"},\"primaryImageOfPage\":{\"@id\":\"https:\/\/orthodontiste-rabat.com\/ar\/service\/facettes-dentaires-rabat-agdal-maroc\/#primaryimage\"},\"image\":{\"@id\":\"https:\/\/orthodontiste-rabat.com\/ar\/service\/facettes-dentaires-rabat-agdal-maroc\/#primaryimage\"},\"thumbnailUrl\":\"https:\/\/orthodontiste-rabat.com\/wp-content\/uploads\/2014\/11\/facettes-dentaires-rabat-2.jpg\",\"datePublished\":\"2014-01-25T15:24:05+00:00\",\"dateModified\":\"2022-03-15T13:54:25+00:00\",\"description\":\"Centre dentaire Rabat Agdal - Facettes dentaires c\u00e9ramiques - Les meilleurs soins dentaires, traitement d'orthodontie, Facettes dentaires lumineers.implantologie et esth\u00e9tique dentaire.\",\"breadcrumb\":{\"@id\":\"https:\/\/orthodontiste-rabat.com\/ar\/service\/facettes-dentaires-rabat-agdal-maroc\/#breadcrumb\"},\"inLanguage\":\"ar\",\"potentialAction\":[{\"@type\":\"ReadAction\",\"target\":[\"https:\/\/orthodontiste-rabat.com\/ar\/service\/facettes-dentaires-rabat-agdal-maroc\/\"]}]},{\"@type\":\"ImageObject\",\"inLanguage\":\"ar\",\"@id\":\"https:\/\/orthodontiste-rabat.com\/ar\/service\/facettes-dentaires-rabat-agdal-maroc\/#primaryimage\",\"url\":\"https:\/\/orthodontiste-rabat.com\/wp-content\/uploads\/2014\/11\/facettes-dentaires-rabat-2.jpg\",\"contentUrl\":\"https:\/\/orthodontiste-rabat.com\/wp-content\/uploads\/2014\/11\/facettes-dentaires-rabat-2.jpg\",\"width\":253,\"height\":227},{\"@type\":\"BreadcrumbList\",\"@id\":\"https:\/\/orthodontiste-rabat.com\/ar\/service\/facettes-dentaires-rabat-agdal-maroc\/#breadcrumb\",\"itemListElement\":[{\"@type\":\"ListItem\",\"position\":1,\"name\":\"Accueil\",\"item\":\"https:\/\/orthodontiste-rabat.com\/ar\/\"},{\"@type\":\"ListItem\",\"position\":2,\"name\":\"Facettes dentaires\"}]},{\"@type\":\"WebSite\",\"@id\":\"https:\/\/orthodontiste-rabat.com\/ar\/#website\",\"url\":\"https:\/\/orthodontiste-rabat.com\/ar\/\",\"name\":\"Chirurgien Dentiste Orthodontiste - Centre Dentaire Rabat Agdal - Dr Adil Guelzim Centre dentaire Rabat Agdal - Orthodontiste Dentiste tr\u00e8s exp\u00e9riment\u00e9 \u00e0 Rabat Agdal. Les meilleurs soins dentaires, traitement d'orthodontie, implantologie et esth\u00e9tique dentaire.\",\"description\":\"Chirurgien Dentiste Orthodontiste tr\u00e8s exp\u00e9riment\u00e9 \u00e0 Rabat Agdal. Les meilleurs soins dentaires, traitement d&#039;orthodontie, implantologie et esth\u00e9tique dentaire.\",\"publisher\":{\"@id\":\"https:\/\/orthodontiste-rabat.com\/ar\/#organization\"},\"potentialAction\":[{\"@type\":\"SearchAction\",\"target\":{\"@type\":\"EntryPoint\",\"urlTemplate\":\"https:\/\/orthodontiste-rabat.com\/ar\/?s={search_term_string}\"},\"query-input\":{\"@type\":\"PropertyValueSpecification\",\"valueRequired\":true,\"valueName\":\"search_term_string\"}}],\"inLanguage\":\"ar\"},{\"@type\":\"Organization\",\"@id\":\"https:\/\/orthodontiste-rabat.com\/ar\/#organization\",\"name\":\"Centre Dentaire Agdal - Dr Adil GUELZIM -une \u00e9quipe de chirurgiens-dentistes et de sp\u00e9cialistes engag\u00e9s \u00e0 fournir des traitements de qualit\u00e9, personnalis\u00e9s et adapt\u00e9s\",\"alternateName\":\"Centre Dentaire Agdal Que ce soit pour la pr\u00e9vention, l\u2019esth\u00e9tique dentaire, les soins orthodontiques, l\u2019implantologie ou encore les urgences nous sommes l\u00e0 pour vous\",\"url\":\"https:\/\/orthodontiste-rabat.com\/ar\/\",\"logo\":{\"@type\":\"ImageObject\",\"inLanguage\":\"ar\",\"@id\":\"https:\/\/orthodontiste-rabat.com\/ar\/#\/schema\/logo\/image\/\",\"url\":\"https:\/\/orthodontiste-rabat.com\/wp-content\/uploads\/2022\/03\/cropped-LogoCDA.jpg\",\"contentUrl\":\"https:\/\/orthodontiste-rabat.com\/wp-content\/uploads\/2022\/03\/cropped-LogoCDA.jpg\",\"width\":512,\"height\":512,\"caption\":\"Centre Dentaire Agdal - Dr Adil GUELZIM -une \u00e9quipe de chirurgiens-dentistes et de sp\u00e9cialistes engag\u00e9s \u00e0 fournir des traitements de qualit\u00e9, personnalis\u00e9s et adapt\u00e9s\"},\"image\":{\"@id\":\"https:\/\/orthodontiste-rabat.com\/ar\/#\/schema\/logo\/image\/\"},\"sameAs\":[\"https:\/\/fr-fr.facebook.com\/CentreDentaireRabatAgdal\/\",\"https:\/\/www.instagram.com\/accounts\/login\/?next=centre.dentaire.agdal&source=omni_redirect\"]}]}<\/script>\n<!-- \/ Yoast SEO plugin. -->","yoast_head_json":{"title":"Facettes dentaires ceramique esth\u00e9tique \u00e0 Rabat Agdal - Dr Adil Guelzim","description":"Centre dentaire Rabat Agdal - Facettes dentaires c\u00e9ramiques - Les meilleurs soins dentaires, traitement d'orthodontie, Facettes dentaires lumineers.implantologie et esth\u00e9tique dentaire.","robots":{"index":"index","follow":"follow","max-snippet":"max-snippet:-1","max-image-preview":"max-image-preview:large","max-video-preview":"max-video-preview:-1"},"canonical":"https:\/\/orthodontiste-rabat.com\/ar\/service\/facettes-dentaires-rabat-agdal-maroc\/","og_locale":"ar_AR","og_type":"article","og_title":"Facettes dentaires ceramique esth\u00e9tique \u00e0 Rabat Agdal - Dr Adil Guelzim","og_description":"Centre dentaire Rabat Agdal - Facettes dentaires c\u00e9ramiques - Les meilleurs soins dentaires, traitement d'orthodontie, Facettes dentaires lumineers.implantologie et esth\u00e9tique dentaire.","og_url":"https:\/\/orthodontiste-rabat.com\/ar\/service\/facettes-dentaires-rabat-agdal-maroc\/","og_site_name":"Chirurgien Dentiste Orthodontiste - Centre Dentaire Rabat Agdal - Dr Adil Guelzim","article_publisher":"https:\/\/fr-fr.facebook.com\/CentreDentaireRabatAgdal\/","article_modified_time":"2022-03-15T13:54:25+00:00","og_image":[{"width":253,"height":227,"url":"https:\/\/orthodontiste-rabat.com\/wp-content\/uploads\/2014\/11\/facettes-dentaires-rabat-2.jpg","type":"image\/jpeg"}],"twitter_card":"summary_large_image","twitter_misc":{"Est. reading time":"3 minutes"},"schema":{"@context":"https:\/\/schema.org","@graph":[{"@type":"WebPage","@id":"https:\/\/orthodontiste-rabat.com\/ar\/service\/facettes-dentaires-rabat-agdal-maroc\/","url":"https:\/\/orthodontiste-rabat.com\/ar\/service\/facettes-dentaires-rabat-agdal-maroc\/","name":"Facettes dentaires ceramique esth\u00e9tique \u00e0 Rabat Agdal - Dr Adil Guelzim","isPartOf":{"@id":"https:\/\/orthodontiste-rabat.com\/ar\/#website"},"primaryImageOfPage":{"@id":"https:\/\/orthodontiste-rabat.com\/ar\/service\/facettes-dentaires-rabat-agdal-maroc\/#primaryimage"},"image":{"@id":"https:\/\/orthodontiste-rabat.com\/ar\/service\/facettes-dentaires-rabat-agdal-maroc\/#primaryimage"},"thumbnailUrl":"https:\/\/orthodontiste-rabat.com\/wp-content\/uploads\/2014\/11\/facettes-dentaires-rabat-2.jpg","datePublished":"2014-01-25T15:24:05+00:00","dateModified":"2022-03-15T13:54:25+00:00","description":"Centre dentaire Rabat Agdal - Facettes dentaires c\u00e9ramiques - Les meilleurs soins dentaires, traitement d'orthodontie, Facettes dentaires lumineers.implantologie et esth\u00e9tique dentaire.","breadcrumb":{"@id":"https:\/\/orthodontiste-rabat.com\/ar\/service\/facettes-dentaires-rabat-agdal-maroc\/#breadcrumb"},"inLanguage":"ar","potentialAction":[{"@type":"ReadAction","target":["https:\/\/orthodontiste-rabat.com\/ar\/service\/facettes-dentaires-rabat-agdal-maroc\/"]}]},{"@type":"ImageObject","inLanguage":"ar","@id":"https:\/\/orthodontiste-rabat.com\/ar\/service\/facettes-dentaires-rabat-agdal-maroc\/#primaryimage","url":"https:\/\/orthodontiste-rabat.com\/wp-content\/uploads\/2014\/11\/facettes-dentaires-rabat-2.jpg","contentUrl":"https:\/\/orthodontiste-rabat.com\/wp-content\/uploads\/2014\/11\/facettes-dentaires-rabat-2.jpg","width":253,"height":227},{"@type":"BreadcrumbList","@id":"https:\/\/orthodontiste-rabat.com\/ar\/service\/facettes-dentaires-rabat-agdal-maroc\/#breadcrumb","itemListElement":[{"@type":"ListItem","position":1,"name":"Accueil","item":"https:\/\/orthodontiste-rabat.com\/ar\/"},{"@type":"ListItem","position":2,"name":"Facettes dentaires"}]},{"@type":"WebSite","@id":"https:\/\/orthodontiste-rabat.com\/ar\/#website","url":"https:\/\/orthodontiste-rabat.com\/ar\/","name":"Chirurgien Dentiste Orthodontiste - Centre Dentaire Rabat Agdal - Dr Adil Guelzim Centre dentaire Rabat Agdal - Orthodontiste Dentiste tr\u00e8s exp\u00e9riment\u00e9 \u00e0 Rabat Agdal. Les meilleurs soins dentaires, traitement d'orthodontie, implantologie et esth\u00e9tique dentaire.","description":"Chirurgien Dentiste Orthodontiste tr\u00e8s exp\u00e9riment\u00e9 \u00e0 Rabat Agdal. Les meilleurs soins dentaires, traitement d&#039;orthodontie, implantologie et esth\u00e9tique dentaire.","publisher":{"@id":"https:\/\/orthodontiste-rabat.com\/ar\/#organization"},"potentialAction":[{"@type":"SearchAction","target":{"@type":"EntryPoint","urlTemplate":"https:\/\/orthodontiste-rabat.com\/ar\/?s={search_term_string}"},"query-input":{"@type":"PropertyValueSpecification","valueRequired":true,"valueName":"search_term_string"}}],"inLanguage":"ar"},{"@type":"Organization","@id":"https:\/\/orthodontiste-rabat.com\/ar\/#organization","name":"Centre Dentaire Agdal - Dr Adil GUELZIM -une \u00e9quipe de chirurgiens-dentistes et de sp\u00e9cialistes engag\u00e9s \u00e0 fournir des traitements de qualit\u00e9, personnalis\u00e9s et adapt\u00e9s","alternateName":"Centre Dentaire Agdal Que ce soit pour la pr\u00e9vention, l\u2019esth\u00e9tique dentaire, les soins orthodontiques, l\u2019implantologie ou encore les urgences nous sommes l\u00e0 pour vous","url":"https:\/\/orthodontiste-rabat.com\/ar\/","logo":{"@type":"ImageObject","inLanguage":"ar","@id":"https:\/\/orthodontiste-rabat.com\/ar\/#\/schema\/logo\/image\/","url":"https:\/\/orthodontiste-rabat.com\/wp-content\/uploads\/2022\/03\/cropped-LogoCDA.jpg","contentUrl":"https:\/\/orthodontiste-rabat.com\/wp-content\/uploads\/2022\/03\/cropped-LogoCDA.jpg","width":512,"height":512,"caption":"Centre Dentaire Agdal - Dr Adil GUELZIM -une \u00e9quipe de chirurgiens-dentistes et de sp\u00e9cialistes engag\u00e9s \u00e0 fournir des traitements de qualit\u00e9, personnalis\u00e9s et adapt\u00e9s"},"image":{"@id":"https:\/\/orthodontiste-rabat.com\/ar\/#\/schema\/logo\/image\/"},"sameAs":["https:\/\/fr-fr.facebook.com\/CentreDentaireRabatAgdal\/","https:\/\/www.instagram.com\/accounts\/login\/?next=centre.dentaire.agdal&source=omni_redirect"]}]}},"_links":{"self":[{"href":"https:\/\/orthodontiste-rabat.com\/ar\/wp-json\/wp\/v2\/service\/6493"}],"collection":[{"href":"https:\/\/orthodontiste-rabat.com\/ar\/wp-json\/wp\/v2\/service"}],"about":[{"href":"https:\/\/orthodontiste-rabat.com\/ar\/wp-json\/wp\/v2\/types\/service"}],"version-history":[{"count":3,"href":"https:\/\/orthodontiste-rabat.com\/ar\/wp-json\/wp\/v2\/service\/6493\/revisions"}],"predecessor-version":[{"id":7270,"href":"https:\/\/orthodontiste-rabat.com\/ar\/wp-json\/wp\/v2\/service\/6493\/revisions\/7270"}],"wp:featuredmedia":[{"embeddable":true,"href":"https:\/\/orthodontiste-rabat.com\/ar\/wp-json\/wp\/v2\/media\/6496"}],"wp:attachment":[{"href":"https:\/\/orthodontiste-rabat.com\/ar\/wp-json\/wp\/v2\/media?parent=6493"}],"wp:term":[{"taxonomy":"s_sort_categs","embeddable":true,"href":"https:\/\/orthodontiste-rabat.com\/ar\/wp-json\/wp\/v2\/s_sort_categs?post=6493"},{"taxonomy":"s_tags","embeddable":true,"href":"https:\/\/orthodontiste-rabat.com\/ar\/wp-json\/wp\/v2\/s_tags?post=6493"},{"taxonomy":"s_categs","embeddable":true,"href":"https:\/\/orthodontiste-rabat.com\/ar\/wp-json\/wp\/v2\/s_categs?post=6493"}],"curies":[{"name":"wp","href":"https:\/\/api.w.org\/{rel}","templated":true}]}}