{"id":6646,"date":"2014-01-18T12:59:54","date_gmt":"2014-01-18T11:59:54","guid":{"rendered":"http:\/\/orthodontiste-rabat.com\/?post_type=service&#038;p=6646"},"modified":"2022-03-15T14:54:25","modified_gmt":"2022-03-15T13:54:25","slug":"soigner-carie-rabat-agdal-maroc","status":"publish","type":"service","link":"https:\/\/orthodontiste-rabat.com\/ar\/service\/soigner-carie-rabat-agdal-maroc\/","title":{"rendered":"Carie"},"content":{"rendered":"<p>[et_pb_section fb_built=&#8221;1&#8243; _builder_version=&#8221;4.14.9&#8243; _module_preset=&#8221;default&#8221; use_background_color_gradient=&#8221;on&#8221; background_color_gradient_start=&#8221;rgba(2,131,189,0.48)&#8221; background_color_gradient_end=&#8221;rgba(0,0,0,0.04)&#8221; background_color_gradient_direction=&#8221;62deg&#8221; background_color_gradient_overlays_image=&#8221;on&#8221; background_image=&#8221;https:\/\/orthodontiste-rabat.com\/wp-content\/uploads\/2014\/11\/Carie-enfant-Dentiste-Rabat-Agdal.jpg&#8221; height=&#8221;400px&#8221; hover_enabled=&#8221;0&#8243; custom_css_main_element=&#8221;display:flex;||&#8221; global_colors_info=&#8221;{}&#8221; theme_builder_area=&#8221;et_body_layout&#8221; alt=&#8221;carie-enfant-dentiste-rabat-agdal | Chirurgien Dentiste Orthodontiste &#8211; Centre Dentaire Rabat Agdal &#8211; Dr Adil Guelzim&#8221; title_text=&#8221;carie-enfant-dentiste-rabat-agdal&#8221; sticky_enabled=&#8221;0&#8243;][et_pb_row _builder_version=&#8221;4.14.9&#8243; _module_preset=&#8221;default&#8221; global_colors_info=&#8221;{}&#8221; theme_builder_area=&#8221;et_body_layout&#8221;][et_pb_column type=&#8221;4_4&#8243; _builder_version=&#8221;4.14.9&#8243; _module_preset=&#8221;default&#8221; global_colors_info=&#8221;{}&#8221; theme_builder_area=&#8221;et_body_layout&#8221;][et_pb_text _builder_version=&#8221;4.14.9&#8243; _module_preset=&#8221;default&#8221; text_font=&#8221;|||on|||||&#8221; text_text_color=&#8221;#FFFFFF&#8221; text_font_size=&#8221;19px&#8221; header_font=&#8221;|||on|||||&#8221; header_text_align=&#8221;left&#8221; header_text_color=&#8221;#FFFFFF&#8221; header_font_size=&#8221;52px&#8221; header_2_font=&#8221;|300|||||||&#8221; header_2_text_color=&#8221;#FFFFFF&#8221; max_width=&#8221;700px&#8221; module_alignment=&#8221;left&#8221; hover_enabled=&#8221;0&#8243; header_font_size_tablet=&#8221;46px&#8221; header_font_size_phone=&#8221;42px&#8221; header_font_size_last_edited=&#8221;on|tablet&#8221; locked=&#8221;off&#8221; global_colors_info=&#8221;{}&#8221; theme_builder_area=&#8221;et_body_layout&#8221; sticky_enabled=&#8221;0&#8243;]<\/p>\n<h1>Cam\u00e9ra intra-orale<\/h1>\n<p>[\/et_pb_text][\/et_pb_column][\/et_pb_row][\/et_pb_section][et_pb_section fb_built=&#8221;1&#8243; _builder_version=&#8221;4.14.9&#8243; _module_preset=&#8221;default&#8221; background_color=&#8221;#0283bd&#8221; custom_padding=&#8221;0px||0px||false|false&#8221; global_module=&#8221;7244&#8243; global_colors_info=&#8221;{}&#8221; theme_builder_area=&#8221;et_body_layout&#8221;][et_pb_row _builder_version=&#8221;4.14.9&#8243; _module_preset=&#8221;default&#8221; custom_padding=&#8221;10px||15px||false|false&#8221; global_colors_info=&#8221;{}&#8221; theme_builder_area=&#8221;et_body_layout&#8221;][et_pb_column type=&#8221;4_4&#8243; _builder_version=&#8221;4.14.9&#8243; _module_preset=&#8221;default&#8221; global_colors_info=&#8221;{}&#8221; theme_builder_area=&#8221;et_body_layout&#8221;][et_pb_dmb_breadcrumbs _builder_version=&#8221;4.14.9&#8243; _module_preset=&#8221;default&#8221; body_text_color=&#8221;#FFFFFF&#8221; body_font_size=&#8221;17px&#8221; link_text_color=&#8221;#FFFFFF&#8221; global_colors_info=&#8221;{}&#8221; theme_builder_area=&#8221;et_body_layout&#8221;][\/et_pb_dmb_breadcrumbs][\/et_pb_column][\/et_pb_row][\/et_pb_section][et_pb_section fb_built=&#8221;1&#8243; admin_label=&#8221;section&#8221; _builder_version=&#8221;3.22&#8243; global_colors_info=&#8221;{}&#8221; theme_builder_area=&#8221;et_body_layout&#8221;][et_pb_row admin_label=&#8221;row&#8221; _builder_version=&#8221;3.25&#8243; background_size=&#8221;initial&#8221; background_position=&#8221;top_left&#8221; background_repeat=&#8221;repeat&#8221; global_colors_info=&#8221;{}&#8221; theme_builder_area=&#8221;et_body_layout&#8221;][et_pb_column type=&#8221;4_4&#8243; _builder_version=&#8221;3.25&#8243; custom_padding=&#8221;|||&#8221; global_colors_info=&#8221;{}&#8221; custom_padding__hover=&#8221;|||&#8221; theme_builder_area=&#8221;et_body_layout&#8221;][et_pb_video src=&#8221;http:\/\/www.youtube.com\/watch?v=gUxGMLzzm2Q&#8221; _builder_version=&#8221;4.14.9&#8243; _module_preset=&#8221;default&#8221; hover_enabled=&#8221;0&#8243; global_colors_info=&#8221;{}&#8221; theme_builder_area=&#8221;et_body_layout&#8221; sticky_enabled=&#8221;0&#8243;][\/et_pb_video][et_pb_text admin_label=&#8221;Text&#8221; _builder_version=&#8221;4.14.9&#8243; background_size=&#8221;initial&#8221; background_position=&#8221;top_left&#8221; background_repeat=&#8221;repeat&#8221; global_colors_info=&#8221;{}&#8221; theme_builder_area=&#8221;post_content&#8221;]Une carie est une anomalie infectieuse qui se forme dans la dent. Elle cause une l\u00e9sion de l&#8217;\u00e9mail, de la dentine ou du c\u00e9ment. La carie se d\u00e9veloppe suite \u00e0 un d\u00e9s\u00e9quilibre de la flore bact\u00e9rienne buccale.<\/p>\n<p>Concr\u00e8tement, la pr\u00e9sence de bact\u00e9ries jumel\u00e9e \u00e0 de mauvaises habitudes alimentaires et \u00e0 un syst\u00e8me salivaire et immunitaire d\u00e9ficients s&#8217;av\u00e8re une combinaison gagnante pour la formation de caries.<\/p>\n<p>En somme, une combinaison de facteurs contribuent \u00e0 son d\u00e9veloppement, mais le brossage r\u00e9gulier et l&#8217;utilisation quotidienne de la soie dentaire sont primordiaux pour r\u00e9duire les risques de leur formation.<\/p>\n<p>Comme il vaut toujours mieux pr\u00e9venir que gu\u00e9rir, renseignez-vous aupr\u00e8s de votre hygi\u00e9niste sur les techniques et mesures d&#8217;hygi\u00e8ne dentaires \u00e0 adopter![\/et_pb_text][\/et_pb_column][\/et_pb_row][\/et_pb_section]<\/p>\n","protected":false},"excerpt":{"rendered":"<p>Cam\u00e9ra intra-orale[et_pb_dmb_breadcrumbs _builder_version=&#8221;4.14.9&#8243; _module_preset=&#8221;default&#8221; body_text_color=&#8221;#FFFFFF&#8221; body_font_size=&#8221;17px&#8221; link_text_color=&#8221;#FFFFFF&#8221; global_colors_info=&#8221;{}&#8221; theme_builder_area=&#8221;et_body_layout&#8221;][\/et_pb_dmb_breadcrumbs]Une carie est une anomalie infectieuse qui se forme dans la dent. Elle cause une l\u00e9sion de l&#8217;\u00e9mail, de la dentine ou du c\u00e9ment. La carie se d\u00e9veloppe suite \u00e0 un d\u00e9s\u00e9quilibre de la flore bact\u00e9rienne buccale. Concr\u00e8tement, la pr\u00e9sence de bact\u00e9ries jumel\u00e9e \u00e0 de mauvaises habitudes [&hellip;]<\/p>\n","protected":false},"featured_media":6647,"template":"","meta":{"_et_pb_use_builder":"on","_et_pb_old_content":"Une carie est une anomalie infectieuse qui se forme dans la dent. Elle cause une l\u00e9sion de l'\u00e9mail, de la dentine ou du c\u00e9ment. La carie se d\u00e9veloppe suite \u00e0 un d\u00e9s\u00e9quilibre de la flore bact\u00e9rienne buccale.\r\n\r\nConcr\u00e8tement, la pr\u00e9sence de bact\u00e9ries jumel\u00e9e \u00e0 de mauvaises habitudes alimentaires et \u00e0 un syst\u00e8me salivaire et immunitaire d\u00e9ficients s'av\u00e8re une combinaison gagnante pour la formation de caries.\r\n\r\nEn somme, une combinaison de facteurs contribuent \u00e0 son d\u00e9veloppement, mais le brossage r\u00e9gulier et l'utilisation quotidienne de la soie dentaire sont primordiaux pour r\u00e9duire les risques de leur formation.\r\n\r\nComme il vaut toujours mieux pr\u00e9venir que gu\u00e9rir, renseignez-vous aupr\u00e8s de votre hygi\u00e9niste sur les techniques et mesures d'hygi\u00e8ne dentaires \u00e0 adopter!","_et_gb_content_width":""},"s_sort_categs":[],"s_tags":[],"s_categs":[104],"yoast_head":"<!-- This site is optimized with the Yoast SEO plugin v23.5 - https:\/\/yoast.com\/wordpress\/plugins\/seo\/ -->\n<title>Soigner une carie | Chirurgien Dentiste Orthodontiste Rabat Agdal - Dr Adil Guelzim<\/title>\n<meta name=\"description\" content=\"Centre dentaire Rabat Agdal - Dentiste Orthodontiste tr\u00e8s exp\u00e9riment\u00e9 \u00e0 Rabat Agdal. Les meilleurs soins dentaires, carie, traitement d&#039;orthodontie, implantologie et esth\u00e9tique dentaire.\" \/>\n<meta name=\"robots\" content=\"index, follow, max-snippet:-1, max-image-preview:large, max-video-preview:-1\" \/>\n<link rel=\"canonical\" href=\"https:\/\/orthodontiste-rabat.com\/ar\/service\/soigner-carie-rabat-agdal-maroc\/\" \/>\n<meta property=\"og:locale\" content=\"ar_AR\" \/>\n<meta property=\"og:type\" content=\"article\" \/>\n<meta property=\"og:title\" content=\"Soigner une carie | Chirurgien Dentiste Orthodontiste Rabat Agdal - Dr Adil Guelzim\" \/>\n<meta property=\"og:description\" content=\"Centre dentaire Rabat Agdal - Dentiste Orthodontiste tr\u00e8s exp\u00e9riment\u00e9 \u00e0 Rabat Agdal. Les meilleurs soins dentaires, carie, traitement d&#039;orthodontie, implantologie et esth\u00e9tique dentaire.\" \/>\n<meta property=\"og:url\" content=\"https:\/\/orthodontiste-rabat.com\/ar\/service\/soigner-carie-rabat-agdal-maroc\/\" \/>\n<meta property=\"og:site_name\" content=\"Chirurgien Dentiste Orthodontiste - Centre Dentaire Rabat Agdal - Dr Adil Guelzim\" \/>\n<meta property=\"article:publisher\" content=\"https:\/\/fr-fr.facebook.com\/CentreDentaireRabatAgdal\/\" \/>\n<meta property=\"article:modified_time\" content=\"2022-03-15T13:54:25+00:00\" \/>\n<meta property=\"og:image\" content=\"https:\/\/orthodontiste-rabat.com\/wp-content\/uploads\/2014\/11\/carie-rabat.jpg\" \/>\n\t<meta property=\"og:image:width\" content=\"253\" \/>\n\t<meta property=\"og:image:height\" content=\"227\" \/>\n\t<meta property=\"og:image:type\" content=\"image\/jpeg\" \/>\n<meta name=\"twitter:card\" content=\"summary_large_image\" \/>\n<meta name=\"twitter:label1\" content=\"Est. reading time\" \/>\n\t<meta name=\"twitter:data1\" content=\"3 minutes\" \/>\n<script type=\"application\/ld+json\" class=\"yoast-schema-graph\">{\"@context\":\"https:\/\/schema.org\",\"@graph\":[{\"@type\":\"WebPage\",\"@id\":\"https:\/\/orthodontiste-rabat.com\/ar\/service\/soigner-carie-rabat-agdal-maroc\/\",\"url\":\"https:\/\/orthodontiste-rabat.com\/ar\/service\/soigner-carie-rabat-agdal-maroc\/\",\"name\":\"Soigner une carie | Chirurgien Dentiste Orthodontiste Rabat Agdal - Dr Adil Guelzim\",\"isPartOf\":{\"@id\":\"https:\/\/orthodontiste-rabat.com\/ar\/#website\"},\"primaryImageOfPage\":{\"@id\":\"https:\/\/orthodontiste-rabat.com\/ar\/service\/soigner-carie-rabat-agdal-maroc\/#primaryimage\"},\"image\":{\"@id\":\"https:\/\/orthodontiste-rabat.com\/ar\/service\/soigner-carie-rabat-agdal-maroc\/#primaryimage\"},\"thumbnailUrl\":\"https:\/\/orthodontiste-rabat.com\/wp-content\/uploads\/2014\/11\/carie-rabat.jpg\",\"datePublished\":\"2014-01-18T11:59:54+00:00\",\"dateModified\":\"2022-03-15T13:54:25+00:00\",\"description\":\"Centre dentaire Rabat Agdal - Dentiste Orthodontiste tr\u00e8s exp\u00e9riment\u00e9 \u00e0 Rabat Agdal. Les meilleurs soins dentaires, carie, traitement d'orthodontie, implantologie et esth\u00e9tique dentaire.\",\"breadcrumb\":{\"@id\":\"https:\/\/orthodontiste-rabat.com\/ar\/service\/soigner-carie-rabat-agdal-maroc\/#breadcrumb\"},\"inLanguage\":\"ar\",\"potentialAction\":[{\"@type\":\"ReadAction\",\"target\":[\"https:\/\/orthodontiste-rabat.com\/ar\/service\/soigner-carie-rabat-agdal-maroc\/\"]}]},{\"@type\":\"ImageObject\",\"inLanguage\":\"ar\",\"@id\":\"https:\/\/orthodontiste-rabat.com\/ar\/service\/soigner-carie-rabat-agdal-maroc\/#primaryimage\",\"url\":\"https:\/\/orthodontiste-rabat.com\/wp-content\/uploads\/2014\/11\/carie-rabat.jpg\",\"contentUrl\":\"https:\/\/orthodontiste-rabat.com\/wp-content\/uploads\/2014\/11\/carie-rabat.jpg\",\"width\":253,\"height\":227},{\"@type\":\"BreadcrumbList\",\"@id\":\"https:\/\/orthodontiste-rabat.com\/ar\/service\/soigner-carie-rabat-agdal-maroc\/#breadcrumb\",\"itemListElement\":[{\"@type\":\"ListItem\",\"position\":1,\"name\":\"Accueil\",\"item\":\"https:\/\/orthodontiste-rabat.com\/ar\/\"},{\"@type\":\"ListItem\",\"position\":2,\"name\":\"Carie\"}]},{\"@type\":\"WebSite\",\"@id\":\"https:\/\/orthodontiste-rabat.com\/ar\/#website\",\"url\":\"https:\/\/orthodontiste-rabat.com\/ar\/\",\"name\":\"Chirurgien Dentiste Orthodontiste - Centre Dentaire Rabat Agdal - Dr Adil Guelzim Centre dentaire Rabat Agdal - Orthodontiste Dentiste tr\u00e8s exp\u00e9riment\u00e9 \u00e0 Rabat Agdal. Les meilleurs soins dentaires, traitement d'orthodontie, implantologie et esth\u00e9tique dentaire.\",\"description\":\"Chirurgien Dentiste Orthodontiste tr\u00e8s exp\u00e9riment\u00e9 \u00e0 Rabat Agdal. Les meilleurs soins dentaires, traitement d&#039;orthodontie, implantologie et esth\u00e9tique dentaire.\",\"publisher\":{\"@id\":\"https:\/\/orthodontiste-rabat.com\/ar\/#organization\"},\"potentialAction\":[{\"@type\":\"SearchAction\",\"target\":{\"@type\":\"EntryPoint\",\"urlTemplate\":\"https:\/\/orthodontiste-rabat.com\/ar\/?s={search_term_string}\"},\"query-input\":{\"@type\":\"PropertyValueSpecification\",\"valueRequired\":true,\"valueName\":\"search_term_string\"}}],\"inLanguage\":\"ar\"},{\"@type\":\"Organization\",\"@id\":\"https:\/\/orthodontiste-rabat.com\/ar\/#organization\",\"name\":\"Centre Dentaire Agdal - Dr Adil GUELZIM -une \u00e9quipe de chirurgiens-dentistes et de sp\u00e9cialistes engag\u00e9s \u00e0 fournir des traitements de qualit\u00e9, personnalis\u00e9s et adapt\u00e9s\",\"alternateName\":\"Centre Dentaire Agdal Que ce soit pour la pr\u00e9vention, l\u2019esth\u00e9tique dentaire, les soins orthodontiques, l\u2019implantologie ou encore les urgences nous sommes l\u00e0 pour vous\",\"url\":\"https:\/\/orthodontiste-rabat.com\/ar\/\",\"logo\":{\"@type\":\"ImageObject\",\"inLanguage\":\"ar\",\"@id\":\"https:\/\/orthodontiste-rabat.com\/ar\/#\/schema\/logo\/image\/\",\"url\":\"https:\/\/orthodontiste-rabat.com\/wp-content\/uploads\/2022\/03\/cropped-LogoCDA.jpg\",\"contentUrl\":\"https:\/\/orthodontiste-rabat.com\/wp-content\/uploads\/2022\/03\/cropped-LogoCDA.jpg\",\"width\":512,\"height\":512,\"caption\":\"Centre Dentaire Agdal - Dr Adil GUELZIM -une \u00e9quipe de chirurgiens-dentistes et de sp\u00e9cialistes engag\u00e9s \u00e0 fournir des traitements de qualit\u00e9, personnalis\u00e9s et adapt\u00e9s\"},\"image\":{\"@id\":\"https:\/\/orthodontiste-rabat.com\/ar\/#\/schema\/logo\/image\/\"},\"sameAs\":[\"https:\/\/fr-fr.facebook.com\/CentreDentaireRabatAgdal\/\",\"https:\/\/www.instagram.com\/accounts\/login\/?next=centre.dentaire.agdal&source=omni_redirect\"]}]}<\/script>\n<!-- \/ Yoast SEO plugin. -->","yoast_head_json":{"title":"Soigner une carie | Chirurgien Dentiste Orthodontiste Rabat Agdal - Dr Adil Guelzim","description":"Centre dentaire Rabat Agdal - Dentiste Orthodontiste tr\u00e8s exp\u00e9riment\u00e9 \u00e0 Rabat Agdal. Les meilleurs soins dentaires, carie, traitement d'orthodontie, implantologie et esth\u00e9tique dentaire.","robots":{"index":"index","follow":"follow","max-snippet":"max-snippet:-1","max-image-preview":"max-image-preview:large","max-video-preview":"max-video-preview:-1"},"canonical":"https:\/\/orthodontiste-rabat.com\/ar\/service\/soigner-carie-rabat-agdal-maroc\/","og_locale":"ar_AR","og_type":"article","og_title":"Soigner une carie | Chirurgien Dentiste Orthodontiste Rabat Agdal - Dr Adil Guelzim","og_description":"Centre dentaire Rabat Agdal - Dentiste Orthodontiste tr\u00e8s exp\u00e9riment\u00e9 \u00e0 Rabat Agdal. Les meilleurs soins dentaires, carie, traitement d'orthodontie, implantologie et esth\u00e9tique dentaire.","og_url":"https:\/\/orthodontiste-rabat.com\/ar\/service\/soigner-carie-rabat-agdal-maroc\/","og_site_name":"Chirurgien Dentiste Orthodontiste - Centre Dentaire Rabat Agdal - Dr Adil Guelzim","article_publisher":"https:\/\/fr-fr.facebook.com\/CentreDentaireRabatAgdal\/","article_modified_time":"2022-03-15T13:54:25+00:00","og_image":[{"width":253,"height":227,"url":"https:\/\/orthodontiste-rabat.com\/wp-content\/uploads\/2014\/11\/carie-rabat.jpg","type":"image\/jpeg"}],"twitter_card":"summary_large_image","twitter_misc":{"Est. reading time":"3 minutes"},"schema":{"@context":"https:\/\/schema.org","@graph":[{"@type":"WebPage","@id":"https:\/\/orthodontiste-rabat.com\/ar\/service\/soigner-carie-rabat-agdal-maroc\/","url":"https:\/\/orthodontiste-rabat.com\/ar\/service\/soigner-carie-rabat-agdal-maroc\/","name":"Soigner une carie | Chirurgien Dentiste Orthodontiste Rabat Agdal - Dr Adil Guelzim","isPartOf":{"@id":"https:\/\/orthodontiste-rabat.com\/ar\/#website"},"primaryImageOfPage":{"@id":"https:\/\/orthodontiste-rabat.com\/ar\/service\/soigner-carie-rabat-agdal-maroc\/#primaryimage"},"image":{"@id":"https:\/\/orthodontiste-rabat.com\/ar\/service\/soigner-carie-rabat-agdal-maroc\/#primaryimage"},"thumbnailUrl":"https:\/\/orthodontiste-rabat.com\/wp-content\/uploads\/2014\/11\/carie-rabat.jpg","datePublished":"2014-01-18T11:59:54+00:00","dateModified":"2022-03-15T13:54:25+00:00","description":"Centre dentaire Rabat Agdal - Dentiste Orthodontiste tr\u00e8s exp\u00e9riment\u00e9 \u00e0 Rabat Agdal. Les meilleurs soins dentaires, carie, traitement d'orthodontie, implantologie et esth\u00e9tique dentaire.","breadcrumb":{"@id":"https:\/\/orthodontiste-rabat.com\/ar\/service\/soigner-carie-rabat-agdal-maroc\/#breadcrumb"},"inLanguage":"ar","potentialAction":[{"@type":"ReadAction","target":["https:\/\/orthodontiste-rabat.com\/ar\/service\/soigner-carie-rabat-agdal-maroc\/"]}]},{"@type":"ImageObject","inLanguage":"ar","@id":"https:\/\/orthodontiste-rabat.com\/ar\/service\/soigner-carie-rabat-agdal-maroc\/#primaryimage","url":"https:\/\/orthodontiste-rabat.com\/wp-content\/uploads\/2014\/11\/carie-rabat.jpg","contentUrl":"https:\/\/orthodontiste-rabat.com\/wp-content\/uploads\/2014\/11\/carie-rabat.jpg","width":253,"height":227},{"@type":"BreadcrumbList","@id":"https:\/\/orthodontiste-rabat.com\/ar\/service\/soigner-carie-rabat-agdal-maroc\/#breadcrumb","itemListElement":[{"@type":"ListItem","position":1,"name":"Accueil","item":"https:\/\/orthodontiste-rabat.com\/ar\/"},{"@type":"ListItem","position":2,"name":"Carie"}]},{"@type":"WebSite","@id":"https:\/\/orthodontiste-rabat.com\/ar\/#website","url":"https:\/\/orthodontiste-rabat.com\/ar\/","name":"Chirurgien Dentiste Orthodontiste - Centre Dentaire Rabat Agdal - Dr Adil Guelzim Centre dentaire Rabat Agdal - Orthodontiste Dentiste tr\u00e8s exp\u00e9riment\u00e9 \u00e0 Rabat Agdal. Les meilleurs soins dentaires, traitement d'orthodontie, implantologie et esth\u00e9tique dentaire.","description":"Chirurgien Dentiste Orthodontiste tr\u00e8s exp\u00e9riment\u00e9 \u00e0 Rabat Agdal. Les meilleurs soins dentaires, traitement d&#039;orthodontie, implantologie et esth\u00e9tique dentaire.","publisher":{"@id":"https:\/\/orthodontiste-rabat.com\/ar\/#organization"},"potentialAction":[{"@type":"SearchAction","target":{"@type":"EntryPoint","urlTemplate":"https:\/\/orthodontiste-rabat.com\/ar\/?s={search_term_string}"},"query-input":{"@type":"PropertyValueSpecification","valueRequired":true,"valueName":"search_term_string"}}],"inLanguage":"ar"},{"@type":"Organization","@id":"https:\/\/orthodontiste-rabat.com\/ar\/#organization","name":"Centre Dentaire Agdal - Dr Adil GUELZIM -une \u00e9quipe de chirurgiens-dentistes et de sp\u00e9cialistes engag\u00e9s \u00e0 fournir des traitements de qualit\u00e9, personnalis\u00e9s et adapt\u00e9s","alternateName":"Centre Dentaire Agdal Que ce soit pour la pr\u00e9vention, l\u2019esth\u00e9tique dentaire, les soins orthodontiques, l\u2019implantologie ou encore les urgences nous sommes l\u00e0 pour vous","url":"https:\/\/orthodontiste-rabat.com\/ar\/","logo":{"@type":"ImageObject","inLanguage":"ar","@id":"https:\/\/orthodontiste-rabat.com\/ar\/#\/schema\/logo\/image\/","url":"https:\/\/orthodontiste-rabat.com\/wp-content\/uploads\/2022\/03\/cropped-LogoCDA.jpg","contentUrl":"https:\/\/orthodontiste-rabat.com\/wp-content\/uploads\/2022\/03\/cropped-LogoCDA.jpg","width":512,"height":512,"caption":"Centre Dentaire Agdal - Dr Adil GUELZIM -une \u00e9quipe de chirurgiens-dentistes et de sp\u00e9cialistes engag\u00e9s \u00e0 fournir des traitements de qualit\u00e9, personnalis\u00e9s et adapt\u00e9s"},"image":{"@id":"https:\/\/orthodontiste-rabat.com\/ar\/#\/schema\/logo\/image\/"},"sameAs":["https:\/\/fr-fr.facebook.com\/CentreDentaireRabatAgdal\/","https:\/\/www.instagram.com\/accounts\/login\/?next=centre.dentaire.agdal&source=omni_redirect"]}]}},"_links":{"self":[{"href":"https:\/\/orthodontiste-rabat.com\/ar\/wp-json\/wp\/v2\/service\/6646"}],"collection":[{"href":"https:\/\/orthodontiste-rabat.com\/ar\/wp-json\/wp\/v2\/service"}],"about":[{"href":"https:\/\/orthodontiste-rabat.com\/ar\/wp-json\/wp\/v2\/types\/service"}],"version-history":[{"count":3,"href":"https:\/\/orthodontiste-rabat.com\/ar\/wp-json\/wp\/v2\/service\/6646\/revisions"}],"predecessor-version":[{"id":7289,"href":"https:\/\/orthodontiste-rabat.com\/ar\/wp-json\/wp\/v2\/service\/6646\/revisions\/7289"}],"wp:featuredmedia":[{"embeddable":true,"href":"https:\/\/orthodontiste-rabat.com\/ar\/wp-json\/wp\/v2\/media\/6647"}],"wp:attachment":[{"href":"https:\/\/orthodontiste-rabat.com\/ar\/wp-json\/wp\/v2\/media?parent=6646"}],"wp:term":[{"taxonomy":"s_sort_categs","embeddable":true,"href":"https:\/\/orthodontiste-rabat.com\/ar\/wp-json\/wp\/v2\/s_sort_categs?post=6646"},{"taxonomy":"s_tags","embeddable":true,"href":"https:\/\/orthodontiste-rabat.com\/ar\/wp-json\/wp\/v2\/s_tags?post=6646"},{"taxonomy":"s_categs","embeddable":true,"href":"https:\/\/orthodontiste-rabat.com\/ar\/wp-json\/wp\/v2\/s_categs?post=6646"}],"curies":[{"name":"wp","href":"https:\/\/api.w.org\/{rel}","templated":true}]}}