{"id":6655,"date":"2014-01-15T13:48:43","date_gmt":"2014-01-15T12:48:43","guid":{"rendered":"http:\/\/orthodontiste-rabat.com\/?post_type=service&#038;p=6655"},"modified":"2022-03-15T14:54:26","modified_gmt":"2022-03-15T13:54:26","slug":"protecteurs-buccaux-rabat","status":"publish","type":"service","link":"https:\/\/orthodontiste-rabat.com\/ar\/service\/protecteurs-buccaux-rabat\/","title":{"rendered":"Protecteurs buccaux"},"content":{"rendered":"<p>[et_pb_section fb_built=&#8221;1&#8243; _builder_version=&#8221;4.14.9&#8243; _module_preset=&#8221;default&#8221; use_background_color_gradient=&#8221;on&#8221; background_color_gradient_start=&#8221;rgba(2,131,189,0.48)&#8221; background_color_gradient_end=&#8221;rgba(0,0,0,0.04)&#8221; background_color_gradient_direction=&#8221;62deg&#8221; background_color_gradient_overlays_image=&#8221;on&#8221; background_image=&#8221;https:\/\/orthodontiste-rabat.com\/wp-content\/uploads\/2014\/11\/protecteurs-buccaux-rabat.jpg&#8221; height=&#8221;400px&#8221; hover_enabled=&#8221;0&#8243; custom_css_main_element=&#8221;display:flex;||&#8221; global_colors_info=&#8221;{}&#8221; theme_builder_area=&#8221;et_body_layout&#8221; title_text=&#8221;protecteurs-buccaux-rabat&#8221; sticky_enabled=&#8221;0&#8243;][et_pb_row _builder_version=&#8221;4.14.9&#8243; _module_preset=&#8221;default&#8221; global_colors_info=&#8221;{}&#8221; theme_builder_area=&#8221;et_body_layout&#8221;][et_pb_column type=&#8221;4_4&#8243; _builder_version=&#8221;4.14.9&#8243; _module_preset=&#8221;default&#8221; global_colors_info=&#8221;{}&#8221; theme_builder_area=&#8221;et_body_layout&#8221;][et_pb_text _builder_version=&#8221;4.14.9&#8243; _module_preset=&#8221;default&#8221; text_font=&#8221;|||on|||||&#8221; text_text_color=&#8221;#FFFFFF&#8221; text_font_size=&#8221;19px&#8221; header_font=&#8221;|||on|||||&#8221; header_text_align=&#8221;left&#8221; header_text_color=&#8221;#FFFFFF&#8221; header_font_size=&#8221;52px&#8221; header_2_font=&#8221;|300|||||||&#8221; header_2_text_color=&#8221;#FFFFFF&#8221; max_width=&#8221;700px&#8221; module_alignment=&#8221;left&#8221; hover_enabled=&#8221;0&#8243; header_font_size_tablet=&#8221;46px&#8221; header_font_size_phone=&#8221;42px&#8221; header_font_size_last_edited=&#8221;on|tablet&#8221; locked=&#8221;off&#8221; global_colors_info=&#8221;{}&#8221; theme_builder_area=&#8221;et_body_layout&#8221; sticky_enabled=&#8221;0&#8243;]<\/p>\n<h1>Protecteurs buccaux<\/h1>\n<p>[\/et_pb_text][\/et_pb_column][\/et_pb_row][\/et_pb_section][et_pb_section fb_built=&#8221;1&#8243; _builder_version=&#8221;4.14.9&#8243; _module_preset=&#8221;default&#8221; background_color=&#8221;#0283bd&#8221; custom_padding=&#8221;0px||0px||false|false&#8221; global_module=&#8221;7244&#8243; global_colors_info=&#8221;{}&#8221; theme_builder_area=&#8221;et_body_layout&#8221;][et_pb_row _builder_version=&#8221;4.14.9&#8243; _module_preset=&#8221;default&#8221; custom_padding=&#8221;10px||15px||false|false&#8221; global_colors_info=&#8221;{}&#8221; theme_builder_area=&#8221;et_body_layout&#8221;][et_pb_column type=&#8221;4_4&#8243; _builder_version=&#8221;4.14.9&#8243; _module_preset=&#8221;default&#8221; global_colors_info=&#8221;{}&#8221; theme_builder_area=&#8221;et_body_layout&#8221;][et_pb_dmb_breadcrumbs _builder_version=&#8221;4.14.9&#8243; _module_preset=&#8221;default&#8221; body_text_color=&#8221;#FFFFFF&#8221; body_font_size=&#8221;17px&#8221; link_text_color=&#8221;#FFFFFF&#8221; global_colors_info=&#8221;{}&#8221; theme_builder_area=&#8221;et_body_layout&#8221;][\/et_pb_dmb_breadcrumbs][\/et_pb_column][\/et_pb_row][\/et_pb_section][et_pb_section fb_built=&#8221;1&#8243; admin_label=&#8221;section&#8221; _builder_version=&#8221;3.22&#8243; global_colors_info=&#8221;{}&#8221; theme_builder_area=&#8221;et_body_layout&#8221;][et_pb_row admin_label=&#8221;row&#8221; _builder_version=&#8221;3.25&#8243; background_size=&#8221;initial&#8221; background_position=&#8221;top_left&#8221; background_repeat=&#8221;repeat&#8221; global_colors_info=&#8221;{}&#8221; theme_builder_area=&#8221;et_body_layout&#8221;][et_pb_column type=&#8221;4_4&#8243; _builder_version=&#8221;3.25&#8243; custom_padding=&#8221;|||&#8221; global_colors_info=&#8221;{}&#8221; custom_padding__hover=&#8221;|||&#8221; theme_builder_area=&#8221;et_body_layout&#8221;][et_pb_video src=&#8221;http:\/\/www.youtube.com\/watch?v=5HoPsALcczE&#8221; _builder_version=&#8221;4.14.9&#8243; _module_preset=&#8221;default&#8221; hover_enabled=&#8221;0&#8243; global_colors_info=&#8221;{}&#8221; theme_builder_area=&#8221;et_body_layout&#8221; sticky_enabled=&#8221;0&#8243;][\/et_pb_video][et_pb_text admin_label=&#8221;Text&#8221; _builder_version=&#8221;3.27.4&#8243; background_size=&#8221;initial&#8221; background_position=&#8221;top_left&#8221; background_repeat=&#8221;repeat&#8221; global_colors_info=&#8221;{}&#8221; theme_builder_area=&#8221;post_content&#8221;]La majorit\u00e9 des sports comportent un risque plus ou moins \u00e9lev\u00e9 de blessure aux dents ou \u00e0 la m\u00e2choire. Bien que les protecteurs buccaux ne puissent pr\u00e9venir les blessures \u00e0 tous coups, ceux-ci s&#8217;av\u00e8rent tout de m\u00eame tr\u00e8s efficaces pour <strong>limiter les risques de fracture ou de perte dentaire<\/strong>.<\/p>\n<p>Un protecteur buccal con\u00e7u par un dentiste est toujours fait sur mesure. Le niveau de confort et de stabilit\u00e9 est par cons\u00e9quent optimal. En d&#8217;autres mots, le fait de porter un protecteur buccal fabriqu\u00e9 par une professionnel dentaire n&#8217;entrave pas l&#8217;\u00e9locution, ni la respiration.<\/p>\n<p>Chaque ann\u00e9e, le protecteur buccal permet de r\u00e9duire consid\u00e9rablement le nombre d&#8217;accidents graves relatifs aux dents ou \u00e0 la m\u00e2choire. En somme, tout sportif devrait porter un protecteur buccal pour \u00e9viter des incidents majeurs aux cons\u00e9quences irr\u00e9versibles.[\/et_pb_text][\/et_pb_column][\/et_pb_row][\/et_pb_section]<\/p>\n","protected":false},"excerpt":{"rendered":"<p>Protecteurs buccaux [et_pb_dmb_breadcrumbs _builder_version=&#8221;4.14.9&#8243; _module_preset=&#8221;default&#8221; body_text_color=&#8221;#FFFFFF&#8221; body_font_size=&#8221;17px&#8221; link_text_color=&#8221;#FFFFFF&#8221; global_colors_info=&#8221;{}&#8221; theme_builder_area=&#8221;et_body_layout&#8221;][\/et_pb_dmb_breadcrumbs]La majorit\u00e9 des sports comportent un risque plus ou moins \u00e9lev\u00e9 de blessure aux dents ou \u00e0 la m\u00e2choire. Bien que les protecteurs buccaux ne puissent pr\u00e9venir les blessures \u00e0 tous coups, ceux-ci s&#8217;av\u00e8rent tout de m\u00eame tr\u00e8s efficaces pour limiter les risques de fracture ou [&hellip;]<\/p>\n","protected":false},"featured_media":6656,"template":"","meta":{"_et_pb_use_builder":"on","_et_pb_old_content":"La majorit\u00e9 des sports comportent un risque plus ou moins \u00e9lev\u00e9 de blessure aux dents ou \u00e0 la m\u00e2choire. Bien que les protecteurs buccaux ne puissent pr\u00e9venir les blessures \u00e0 tous coups, ceux-ci s'av\u00e8rent tout de m\u00eame tr\u00e8s efficaces pour <strong>limiter les risques de fracture ou de perte dentaire<\/strong>.\r\n\r\nUn protecteur buccal con\u00e7u par un dentiste est toujours fait sur mesure. Le niveau de confort et de stabilit\u00e9 est par cons\u00e9quent optimal. En d'autres mots, le fait de porter un protecteur buccal fabriqu\u00e9 par une professionnel dentaire n'entrave pas l'\u00e9locution, ni la respiration.\r\n\r\nChaque ann\u00e9e, le protecteur buccal permet de r\u00e9duire consid\u00e9rablement le nombre d'accidents graves relatifs aux dents ou \u00e0 la m\u00e2choire. En somme, tout sportif devrait porter un protecteur buccal pour \u00e9viter des incidents majeurs aux cons\u00e9quences irr\u00e9versibles.","_et_gb_content_width":""},"s_sort_categs":[],"s_tags":[],"s_categs":[104],"yoast_head":"<!-- This site is optimized with the Yoast SEO plugin v23.5 - https:\/\/yoast.com\/wordpress\/plugins\/seo\/ -->\n<title>Protecteurs buccaux | Chirurgien Dentiste Orthodontiste - Rabat Agdal - Dr Adil Guelzim<\/title>\n<meta name=\"description\" content=\"Centre dentaire Rabat Agdal - Dentiste Orthodontiste tr\u00e8s exp\u00e9riment\u00e9 \u00e0 Rabat Agdal. Les meilleurs soins dentaires, traitement d&#039;orthodontie, implantologie et esth\u00e9tique dentaire. Protecteurs buccaux.\" \/>\n<meta name=\"robots\" content=\"index, follow, max-snippet:-1, max-image-preview:large, max-video-preview:-1\" \/>\n<link rel=\"canonical\" href=\"https:\/\/orthodontiste-rabat.com\/ar\/service\/protecteurs-buccaux-rabat\/\" \/>\n<meta property=\"og:locale\" content=\"ar_AR\" \/>\n<meta property=\"og:type\" content=\"article\" \/>\n<meta property=\"og:title\" content=\"Protecteurs buccaux | Chirurgien Dentiste Orthodontiste - Rabat Agdal - Dr Adil Guelzim\" \/>\n<meta property=\"og:description\" content=\"Centre dentaire Rabat Agdal - Dentiste Orthodontiste tr\u00e8s exp\u00e9riment\u00e9 \u00e0 Rabat Agdal. Les meilleurs soins dentaires, traitement d&#039;orthodontie, implantologie et esth\u00e9tique dentaire. Protecteurs buccaux.\" \/>\n<meta property=\"og:url\" content=\"https:\/\/orthodontiste-rabat.com\/ar\/service\/protecteurs-buccaux-rabat\/\" \/>\n<meta property=\"og:site_name\" content=\"Chirurgien Dentiste Orthodontiste - Centre Dentaire Rabat Agdal - Dr Adil Guelzim\" \/>\n<meta property=\"article:publisher\" content=\"https:\/\/fr-fr.facebook.com\/CentreDentaireRabatAgdal\/\" \/>\n<meta property=\"article:modified_time\" content=\"2022-03-15T13:54:26+00:00\" \/>\n<meta property=\"og:image\" content=\"https:\/\/orthodontiste-rabat.com\/wp-content\/uploads\/2014\/11\/protecteurs-buccaux-rabat.jpg\" \/>\n\t<meta property=\"og:image:width\" content=\"253\" \/>\n\t<meta property=\"og:image:height\" content=\"227\" \/>\n\t<meta property=\"og:image:type\" content=\"image\/jpeg\" \/>\n<meta name=\"twitter:card\" content=\"summary_large_image\" \/>\n<meta name=\"twitter:label1\" content=\"Est. reading time\" \/>\n\t<meta name=\"twitter:data1\" content=\"3 minutes\" \/>\n<script type=\"application\/ld+json\" class=\"yoast-schema-graph\">{\"@context\":\"https:\/\/schema.org\",\"@graph\":[{\"@type\":\"WebPage\",\"@id\":\"https:\/\/orthodontiste-rabat.com\/ar\/service\/protecteurs-buccaux-rabat\/\",\"url\":\"https:\/\/orthodontiste-rabat.com\/ar\/service\/protecteurs-buccaux-rabat\/\",\"name\":\"Protecteurs buccaux | Chirurgien Dentiste Orthodontiste - Rabat Agdal - Dr Adil Guelzim\",\"isPartOf\":{\"@id\":\"https:\/\/orthodontiste-rabat.com\/ar\/#website\"},\"primaryImageOfPage\":{\"@id\":\"https:\/\/orthodontiste-rabat.com\/ar\/service\/protecteurs-buccaux-rabat\/#primaryimage\"},\"image\":{\"@id\":\"https:\/\/orthodontiste-rabat.com\/ar\/service\/protecteurs-buccaux-rabat\/#primaryimage\"},\"thumbnailUrl\":\"https:\/\/orthodontiste-rabat.com\/wp-content\/uploads\/2014\/11\/protecteurs-buccaux-rabat.jpg\",\"datePublished\":\"2014-01-15T12:48:43+00:00\",\"dateModified\":\"2022-03-15T13:54:26+00:00\",\"description\":\"Centre dentaire Rabat Agdal - Dentiste Orthodontiste tr\u00e8s exp\u00e9riment\u00e9 \u00e0 Rabat Agdal. Les meilleurs soins dentaires, traitement d'orthodontie, implantologie et esth\u00e9tique dentaire. Protecteurs buccaux.\",\"breadcrumb\":{\"@id\":\"https:\/\/orthodontiste-rabat.com\/ar\/service\/protecteurs-buccaux-rabat\/#breadcrumb\"},\"inLanguage\":\"ar\",\"potentialAction\":[{\"@type\":\"ReadAction\",\"target\":[\"https:\/\/orthodontiste-rabat.com\/ar\/service\/protecteurs-buccaux-rabat\/\"]}]},{\"@type\":\"ImageObject\",\"inLanguage\":\"ar\",\"@id\":\"https:\/\/orthodontiste-rabat.com\/ar\/service\/protecteurs-buccaux-rabat\/#primaryimage\",\"url\":\"https:\/\/orthodontiste-rabat.com\/wp-content\/uploads\/2014\/11\/protecteurs-buccaux-rabat.jpg\",\"contentUrl\":\"https:\/\/orthodontiste-rabat.com\/wp-content\/uploads\/2014\/11\/protecteurs-buccaux-rabat.jpg\",\"width\":253,\"height\":227},{\"@type\":\"BreadcrumbList\",\"@id\":\"https:\/\/orthodontiste-rabat.com\/ar\/service\/protecteurs-buccaux-rabat\/#breadcrumb\",\"itemListElement\":[{\"@type\":\"ListItem\",\"position\":1,\"name\":\"Accueil\",\"item\":\"https:\/\/orthodontiste-rabat.com\/ar\/\"},{\"@type\":\"ListItem\",\"position\":2,\"name\":\"Protecteurs buccaux\"}]},{\"@type\":\"WebSite\",\"@id\":\"https:\/\/orthodontiste-rabat.com\/ar\/#website\",\"url\":\"https:\/\/orthodontiste-rabat.com\/ar\/\",\"name\":\"Chirurgien Dentiste Orthodontiste - Centre Dentaire Rabat Agdal - Dr Adil Guelzim Centre dentaire Rabat Agdal - Orthodontiste Dentiste tr\u00e8s exp\u00e9riment\u00e9 \u00e0 Rabat Agdal. Les meilleurs soins dentaires, traitement d'orthodontie, implantologie et esth\u00e9tique dentaire.\",\"description\":\"Chirurgien Dentiste Orthodontiste tr\u00e8s exp\u00e9riment\u00e9 \u00e0 Rabat Agdal. Les meilleurs soins dentaires, traitement d&#039;orthodontie, implantologie et esth\u00e9tique dentaire.\",\"publisher\":{\"@id\":\"https:\/\/orthodontiste-rabat.com\/ar\/#organization\"},\"potentialAction\":[{\"@type\":\"SearchAction\",\"target\":{\"@type\":\"EntryPoint\",\"urlTemplate\":\"https:\/\/orthodontiste-rabat.com\/ar\/?s={search_term_string}\"},\"query-input\":{\"@type\":\"PropertyValueSpecification\",\"valueRequired\":true,\"valueName\":\"search_term_string\"}}],\"inLanguage\":\"ar\"},{\"@type\":\"Organization\",\"@id\":\"https:\/\/orthodontiste-rabat.com\/ar\/#organization\",\"name\":\"Centre Dentaire Agdal - Dr Adil GUELZIM -une \u00e9quipe de chirurgiens-dentistes et de sp\u00e9cialistes engag\u00e9s \u00e0 fournir des traitements de qualit\u00e9, personnalis\u00e9s et adapt\u00e9s\",\"alternateName\":\"Centre Dentaire Agdal Que ce soit pour la pr\u00e9vention, l\u2019esth\u00e9tique dentaire, les soins orthodontiques, l\u2019implantologie ou encore les urgences nous sommes l\u00e0 pour vous\",\"url\":\"https:\/\/orthodontiste-rabat.com\/ar\/\",\"logo\":{\"@type\":\"ImageObject\",\"inLanguage\":\"ar\",\"@id\":\"https:\/\/orthodontiste-rabat.com\/ar\/#\/schema\/logo\/image\/\",\"url\":\"https:\/\/orthodontiste-rabat.com\/wp-content\/uploads\/2022\/03\/cropped-LogoCDA.jpg\",\"contentUrl\":\"https:\/\/orthodontiste-rabat.com\/wp-content\/uploads\/2022\/03\/cropped-LogoCDA.jpg\",\"width\":512,\"height\":512,\"caption\":\"Centre Dentaire Agdal - Dr Adil GUELZIM -une \u00e9quipe de chirurgiens-dentistes et de sp\u00e9cialistes engag\u00e9s \u00e0 fournir des traitements de qualit\u00e9, personnalis\u00e9s et adapt\u00e9s\"},\"image\":{\"@id\":\"https:\/\/orthodontiste-rabat.com\/ar\/#\/schema\/logo\/image\/\"},\"sameAs\":[\"https:\/\/fr-fr.facebook.com\/CentreDentaireRabatAgdal\/\",\"https:\/\/www.instagram.com\/accounts\/login\/?next=centre.dentaire.agdal&source=omni_redirect\"]}]}<\/script>\n<!-- \/ Yoast SEO plugin. -->","yoast_head_json":{"title":"Protecteurs buccaux | Chirurgien Dentiste Orthodontiste - Rabat Agdal - Dr Adil Guelzim","description":"Centre dentaire Rabat Agdal - Dentiste Orthodontiste tr\u00e8s exp\u00e9riment\u00e9 \u00e0 Rabat Agdal. Les meilleurs soins dentaires, traitement d'orthodontie, implantologie et esth\u00e9tique dentaire. Protecteurs buccaux.","robots":{"index":"index","follow":"follow","max-snippet":"max-snippet:-1","max-image-preview":"max-image-preview:large","max-video-preview":"max-video-preview:-1"},"canonical":"https:\/\/orthodontiste-rabat.com\/ar\/service\/protecteurs-buccaux-rabat\/","og_locale":"ar_AR","og_type":"article","og_title":"Protecteurs buccaux | Chirurgien Dentiste Orthodontiste - Rabat Agdal - Dr Adil Guelzim","og_description":"Centre dentaire Rabat Agdal - Dentiste Orthodontiste tr\u00e8s exp\u00e9riment\u00e9 \u00e0 Rabat Agdal. Les meilleurs soins dentaires, traitement d'orthodontie, implantologie et esth\u00e9tique dentaire. Protecteurs buccaux.","og_url":"https:\/\/orthodontiste-rabat.com\/ar\/service\/protecteurs-buccaux-rabat\/","og_site_name":"Chirurgien Dentiste Orthodontiste - Centre Dentaire Rabat Agdal - Dr Adil Guelzim","article_publisher":"https:\/\/fr-fr.facebook.com\/CentreDentaireRabatAgdal\/","article_modified_time":"2022-03-15T13:54:26+00:00","og_image":[{"width":253,"height":227,"url":"https:\/\/orthodontiste-rabat.com\/wp-content\/uploads\/2014\/11\/protecteurs-buccaux-rabat.jpg","type":"image\/jpeg"}],"twitter_card":"summary_large_image","twitter_misc":{"Est. reading time":"3 minutes"},"schema":{"@context":"https:\/\/schema.org","@graph":[{"@type":"WebPage","@id":"https:\/\/orthodontiste-rabat.com\/ar\/service\/protecteurs-buccaux-rabat\/","url":"https:\/\/orthodontiste-rabat.com\/ar\/service\/protecteurs-buccaux-rabat\/","name":"Protecteurs buccaux | Chirurgien Dentiste Orthodontiste - Rabat Agdal - Dr Adil Guelzim","isPartOf":{"@id":"https:\/\/orthodontiste-rabat.com\/ar\/#website"},"primaryImageOfPage":{"@id":"https:\/\/orthodontiste-rabat.com\/ar\/service\/protecteurs-buccaux-rabat\/#primaryimage"},"image":{"@id":"https:\/\/orthodontiste-rabat.com\/ar\/service\/protecteurs-buccaux-rabat\/#primaryimage"},"thumbnailUrl":"https:\/\/orthodontiste-rabat.com\/wp-content\/uploads\/2014\/11\/protecteurs-buccaux-rabat.jpg","datePublished":"2014-01-15T12:48:43+00:00","dateModified":"2022-03-15T13:54:26+00:00","description":"Centre dentaire Rabat Agdal - Dentiste Orthodontiste tr\u00e8s exp\u00e9riment\u00e9 \u00e0 Rabat Agdal. Les meilleurs soins dentaires, traitement d'orthodontie, implantologie et esth\u00e9tique dentaire. Protecteurs buccaux.","breadcrumb":{"@id":"https:\/\/orthodontiste-rabat.com\/ar\/service\/protecteurs-buccaux-rabat\/#breadcrumb"},"inLanguage":"ar","potentialAction":[{"@type":"ReadAction","target":["https:\/\/orthodontiste-rabat.com\/ar\/service\/protecteurs-buccaux-rabat\/"]}]},{"@type":"ImageObject","inLanguage":"ar","@id":"https:\/\/orthodontiste-rabat.com\/ar\/service\/protecteurs-buccaux-rabat\/#primaryimage","url":"https:\/\/orthodontiste-rabat.com\/wp-content\/uploads\/2014\/11\/protecteurs-buccaux-rabat.jpg","contentUrl":"https:\/\/orthodontiste-rabat.com\/wp-content\/uploads\/2014\/11\/protecteurs-buccaux-rabat.jpg","width":253,"height":227},{"@type":"BreadcrumbList","@id":"https:\/\/orthodontiste-rabat.com\/ar\/service\/protecteurs-buccaux-rabat\/#breadcrumb","itemListElement":[{"@type":"ListItem","position":1,"name":"Accueil","item":"https:\/\/orthodontiste-rabat.com\/ar\/"},{"@type":"ListItem","position":2,"name":"Protecteurs buccaux"}]},{"@type":"WebSite","@id":"https:\/\/orthodontiste-rabat.com\/ar\/#website","url":"https:\/\/orthodontiste-rabat.com\/ar\/","name":"Chirurgien Dentiste Orthodontiste - Centre Dentaire Rabat Agdal - Dr Adil Guelzim Centre dentaire Rabat Agdal - Orthodontiste Dentiste tr\u00e8s exp\u00e9riment\u00e9 \u00e0 Rabat Agdal. Les meilleurs soins dentaires, traitement d'orthodontie, implantologie et esth\u00e9tique dentaire.","description":"Chirurgien Dentiste Orthodontiste tr\u00e8s exp\u00e9riment\u00e9 \u00e0 Rabat Agdal. Les meilleurs soins dentaires, traitement d&#039;orthodontie, implantologie et esth\u00e9tique dentaire.","publisher":{"@id":"https:\/\/orthodontiste-rabat.com\/ar\/#organization"},"potentialAction":[{"@type":"SearchAction","target":{"@type":"EntryPoint","urlTemplate":"https:\/\/orthodontiste-rabat.com\/ar\/?s={search_term_string}"},"query-input":{"@type":"PropertyValueSpecification","valueRequired":true,"valueName":"search_term_string"}}],"inLanguage":"ar"},{"@type":"Organization","@id":"https:\/\/orthodontiste-rabat.com\/ar\/#organization","name":"Centre Dentaire Agdal - Dr Adil GUELZIM -une \u00e9quipe de chirurgiens-dentistes et de sp\u00e9cialistes engag\u00e9s \u00e0 fournir des traitements de qualit\u00e9, personnalis\u00e9s et adapt\u00e9s","alternateName":"Centre Dentaire Agdal Que ce soit pour la pr\u00e9vention, l\u2019esth\u00e9tique dentaire, les soins orthodontiques, l\u2019implantologie ou encore les urgences nous sommes l\u00e0 pour vous","url":"https:\/\/orthodontiste-rabat.com\/ar\/","logo":{"@type":"ImageObject","inLanguage":"ar","@id":"https:\/\/orthodontiste-rabat.com\/ar\/#\/schema\/logo\/image\/","url":"https:\/\/orthodontiste-rabat.com\/wp-content\/uploads\/2022\/03\/cropped-LogoCDA.jpg","contentUrl":"https:\/\/orthodontiste-rabat.com\/wp-content\/uploads\/2022\/03\/cropped-LogoCDA.jpg","width":512,"height":512,"caption":"Centre Dentaire Agdal - Dr Adil GUELZIM -une \u00e9quipe de chirurgiens-dentistes et de sp\u00e9cialistes engag\u00e9s \u00e0 fournir des traitements de qualit\u00e9, personnalis\u00e9s et adapt\u00e9s"},"image":{"@id":"https:\/\/orthodontiste-rabat.com\/ar\/#\/schema\/logo\/image\/"},"sameAs":["https:\/\/fr-fr.facebook.com\/CentreDentaireRabatAgdal\/","https:\/\/www.instagram.com\/accounts\/login\/?next=centre.dentaire.agdal&source=omni_redirect"]}]}},"_links":{"self":[{"href":"https:\/\/orthodontiste-rabat.com\/ar\/wp-json\/wp\/v2\/service\/6655"}],"collection":[{"href":"https:\/\/orthodontiste-rabat.com\/ar\/wp-json\/wp\/v2\/service"}],"about":[{"href":"https:\/\/orthodontiste-rabat.com\/ar\/wp-json\/wp\/v2\/types\/service"}],"version-history":[{"count":5,"href":"https:\/\/orthodontiste-rabat.com\/ar\/wp-json\/wp\/v2\/service\/6655\/revisions"}],"predecessor-version":[{"id":7300,"href":"https:\/\/orthodontiste-rabat.com\/ar\/wp-json\/wp\/v2\/service\/6655\/revisions\/7300"}],"wp:featuredmedia":[{"embeddable":true,"href":"https:\/\/orthodontiste-rabat.com\/ar\/wp-json\/wp\/v2\/media\/6656"}],"wp:attachment":[{"href":"https:\/\/orthodontiste-rabat.com\/ar\/wp-json\/wp\/v2\/media?parent=6655"}],"wp:term":[{"taxonomy":"s_sort_categs","embeddable":true,"href":"https:\/\/orthodontiste-rabat.com\/ar\/wp-json\/wp\/v2\/s_sort_categs?post=6655"},{"taxonomy":"s_tags","embeddable":true,"href":"https:\/\/orthodontiste-rabat.com\/ar\/wp-json\/wp\/v2\/s_tags?post=6655"},{"taxonomy":"s_categs","embeddable":true,"href":"https:\/\/orthodontiste-rabat.com\/ar\/wp-json\/wp\/v2\/s_categs?post=6655"}],"curies":[{"name":"wp","href":"https:\/\/api.w.org\/{rel}","templated":true}]}}